{"id":93721,"date":"2023-03-07T09:27:40","date_gmt":"2023-03-07T08:27:40","guid":{"rendered":"https:\/\/lukas-erzett.com\/?page_id=93721"},"modified":"2026-01-05T12:48:30","modified_gmt":"2026-01-05T11:48:30","slug":"brazil-pt","status":"publish","type":"page","link":"https:\/\/lukas-erzett.com\/en\/company\/international-locations\/brazil-pt\/","title":{"rendered":"Brazil (PT)"},"content":{"rendered":"\n<div class=\"is-layout-flex wp-container-3 wp-block-columns\">\n<div class=\"is-layout-flow wp-block-column\"><div class='custom-block cta-block big'><div class='button-wrap '><a href='https:\/\/lukas-erzett.com\/en\/company\/international-locations\/brazil\/' target='' class='style-red'>Read this page in English<\/a><\/div><\/div><\/div>\n\n\n\n<div class=\"is-layout-flow wp-block-column\"><div class='custom-block cta-block big'><div class='button-wrap '><a href='https:\/\/lukas-erzett.com\/de\/unternehmen\/internationale-standorte\/brasilien\/' target='' class='style-red'>Read this page in German<\/a><\/div><\/div><\/div>\n<\/div>\n\n\n\n<div style=\"height:50px\" aria-hidden=\"true\" class=\"wp-block-spacer\"><\/div>\n\n\n\n<p class=\"kicker\">NEXT LEVEL SOLUTIONS.<\/p>\n\n\n\n<h1 style=\"text-transform:uppercase\">LUKAS-ERZETT no Brasil<\/h1>\n\n\n\n<div style=\"height:30px\" aria-hidden=\"true\" class=\"wp-block-spacer\"><\/div>\n\n\n\n<div class=\"is-layout-flex wp-container-6 wp-block-columns\">\n<div class=\"is-layout-flow wp-block-column is-vertically-aligned-center\" style=\"flex-basis:40%\">\n<figure class=\"wp-block-image size-large\"><a href=\"https:\/\/lukas-erzett.com\/wp-content\/uploads\/Brazil_geographic_web.jpeg\" data-fancybox><img decoding=\"async\" loading=\"lazy\" width=\"1024\" height=\"614\" src=\"https:\/\/lukas-erzett.com\/wp-content\/uploads\/Brazil_geographic_web-1024x614.jpeg\" alt=\"\" class=\"wp-image-94065\" srcset=\"https:\/\/lukas-erzett.com\/wp-content\/uploads\/Brazil_geographic_web-1024x614.jpeg 1024w, https:\/\/lukas-erzett.com\/wp-content\/uploads\/Brazil_geographic_web-300x180.jpeg 300w, https:\/\/lukas-erzett.com\/wp-content\/uploads\/Brazil_geographic_web-768x461.jpeg 768w, https:\/\/lukas-erzett.com\/wp-content\/uploads\/Brazil_geographic_web-1536x922.jpeg 1536w, https:\/\/lukas-erzett.com\/wp-content\/uploads\/Brazil_geographic_web-480x288.jpeg 480w, https:\/\/lukas-erzett.com\/wp-content\/uploads\/Brazil_geographic_web-720x432.jpeg 720w, https:\/\/lukas-erzett.com\/wp-content\/uploads\/Brazil_geographic_web-1440x864.jpeg 1440w, https:\/\/lukas-erzett.com\/wp-content\/uploads\/Brazil_geographic_web-333x200.jpeg 333w, https:\/\/lukas-erzett.com\/wp-content\/uploads\/Brazil_geographic_web-567x340.jpeg 567w, https:\/\/lukas-erzett.com\/wp-content\/uploads\/Brazil_geographic_web-700x420.jpeg 700w, https:\/\/lukas-erzett.com\/wp-content\/uploads\/Brazil_geographic_web-867x520.jpeg 867w, https:\/\/lukas-erzett.com\/wp-content\/uploads\/Brazil_geographic_web-1200x720.jpeg 1200w, https:\/\/lukas-erzett.com\/wp-content\/uploads\/Brazil_geographic_web.jpeg 1800w\" sizes=\"(max-width: 1024px) 100vw, 1024px\" \/><\/a><\/figure>\n<\/div>\n\n\n\n<div class=\"is-layout-flow wp-block-column is-vertically-aligned-center\">\n<p>\u00c1gil, sustent\u00e1vel, confi\u00e1vel, orientado para o futuro, com pensamento inovador, solu\u00e7\u00f5es baseadas nas necessidades dos clientes e sempre um passo \u00e0 frente das exig\u00eancias do mercado. Com isto em mente, a <strong>LUKAS<\/strong> deixou sua marca em todo o mundo &#8211; e agora vem ao Brasil com toda a for\u00e7a.<\/p>\n\n\n\n<p>Estamos representados no mercado brasileiro h\u00e1 muitos anos atrav\u00e9s de empresas especializadas que importam e distribuem nossos produtos e, mais perto do usu\u00e1rio final, oferecem um servi\u00e7o r\u00e1pido e eficiente de primeira qualidade. A partir de agora, nosso objetivo \u00e9 refor\u00e7ar a presen\u00e7a de distribuidores parceiros em todas as regi\u00f5es industriais do pa\u00eds, sob um genu\u00edno conceito de parceria comercial.<\/p>\n<\/div>\n<\/div>\n\n\n\n<div style=\"height:30px\" aria-hidden=\"true\" class=\"wp-block-spacer\"><\/div>\n\n\n<div class='anchor-block anchor-69f382c21f3c2 default'><div class='toggle-anchors closed'><div class='icon bars'><span class='bar bar1'><\/span><span class='bar bar2'><\/span><span class='bar bar3'><\/span><\/div><\/div><ul><li><a href='#history' class='anchor' data-offset='200'>Hist\u00f3ria<\/a><\/li><li><a href='#service' class='anchor' data-offset='200'>Qual \u00e9 o plano da LUKAS?<\/a><\/li><li><a href='#products' class='anchor' data-offset='200'>Produtos<\/a><\/li><li><a href='#quality' class='anchor' data-offset='200'>Qualidade<\/a><\/li><li><a href='#contact us' class='anchor' data-offset='200'>Contato<\/a><\/li><li><a href='#about us' class='anchor' data-offset='200'>Sobre a LUKAS<\/a><\/li><\/ul><\/div><div class='anchor-spacer spacer-anchor-69f382c21f3c2'><\/div>      <script type='text\/javascript' async defer>\r\n        jQuery(function ($) {\r\n          \"use strict\";\r\n\r\n          const menu    = document.querySelector('.anchor-69f382c21f3c2');\r\n          const spacer  = document.querySelector('.spacer-anchor-69f382c21f3c2');\r\n          const offset  = menu.getBoundingClientRect().top + window.pageYOffset;\r\n          const $toggle = $('.anchor-69f382c21f3c2 .toggle-anchors');\r\n          const $ul     = $('.anchor-69f382c21f3c2 ul');\r\n          const height  = menu.clientHeight;\r\n\r\n          $toggle.click(function () {\r\n            let $this = $(this);\r\n            if ( $this.hasClass('closed') ) {\r\n              $this.addClass('opened').removeClass('closed');\r\n              $ul.show();\r\n            } else if ( $this.hasClass('opened') ) {\r\n              $ul.hide();\r\n              $this.addClass('closed').removeClass('opened');\r\n            }\r\n          });\r\n\r\n          function closeMenu() {\r\n            if ( $toggle.hasClass('opened') && window.scrollY >= offset ) {\r\n              $ul.hide();\r\n              $toggle.addClass('closed').removeClass('opened');\r\n            }\r\n          }\r\n\r\n          function stickyNavigation() {\r\n            if ( window.scrollY >= offset ) {\r\n              spacer.style.height = height + \"px\";\r\n              menu.classList.add('stuck');\r\n            } else {\r\n              spacer.style.height = 0;\r\n              menu.classList.remove('stuck');\r\n              $toggle.addClass('opened').removeClass('closed');\r\n              $ul.show();\r\n            }\r\n          }\r\n\r\n          if ( menu.classList.contains('fixed') ) {\r\n\r\n            $ul.hide();\r\n            $toggle.addClass('closed').removeClass('opened');\r\n\r\n          } else {\r\n\r\n            stickyNavigation();\r\n\r\n            function onScroll() {\r\n              stickyNavigation();\r\n              closeMenu();\r\n            }\r\n\r\n            window.addEventListener('scroll', onScroll);\r\n\r\n          }\r\n\r\n        });\r\n      <\/script>\r\n      \n\n\n<div style=\"height:20px\" aria-hidden=\"true\" class=\"wp-block-spacer\"><\/div>\n\n\n<span class='anchorTarget' id='history'><\/span>\n\n\n<div style=\"height:60px\" aria-hidden=\"true\" class=\"wp-block-spacer\"><\/div>\n\n\n\n<div class=\"is-layout-flex wp-container-9 wp-block-columns\">\n<div class=\"is-layout-flow wp-block-column is-vertically-aligned-center\"><div class=\"wp-block-image\">\n<figure class=\"alignleft size-large is-resized\"><img decoding=\"async\" loading=\"lazy\" src=\"https:\/\/lukas-erzett.com\/wp-content\/uploads\/LUKAS_Kopf_schwarz_ausschnitt-1024x1024.jpg\" alt=\"\" class=\"wp-image-73582\" width=\"546\" height=\"546\" srcset=\"https:\/\/lukas-erzett.com\/wp-content\/uploads\/LUKAS_Kopf_schwarz_ausschnitt-1024x1024.jpg 1024w, https:\/\/lukas-erzett.com\/wp-content\/uploads\/LUKAS_Kopf_schwarz_ausschnitt-300x300.jpg 300w, https:\/\/lukas-erzett.com\/wp-content\/uploads\/LUKAS_Kopf_schwarz_ausschnitt-150x150.jpg 150w, https:\/\/lukas-erzett.com\/wp-content\/uploads\/LUKAS_Kopf_schwarz_ausschnitt-768x768.jpg 768w, https:\/\/lukas-erzett.com\/wp-content\/uploads\/LUKAS_Kopf_schwarz_ausschnitt-480x480.jpg 480w, https:\/\/lukas-erzett.com\/wp-content\/uploads\/LUKAS_Kopf_schwarz_ausschnitt-720x720.jpg 720w, https:\/\/lukas-erzett.com\/wp-content\/uploads\/LUKAS_Kopf_schwarz_ausschnitt-960x960.jpg 960w, https:\/\/lukas-erzett.com\/wp-content\/uploads\/LUKAS_Kopf_schwarz_ausschnitt-200x200.jpg 200w, https:\/\/lukas-erzett.com\/wp-content\/uploads\/LUKAS_Kopf_schwarz_ausschnitt-340x340.jpg 340w, https:\/\/lukas-erzett.com\/wp-content\/uploads\/LUKAS_Kopf_schwarz_ausschnitt-420x420.jpg 420w, https:\/\/lukas-erzett.com\/wp-content\/uploads\/LUKAS_Kopf_schwarz_ausschnitt-520x520.jpg 520w, https:\/\/lukas-erzett.com\/wp-content\/uploads\/LUKAS_Kopf_schwarz_ausschnitt.jpg 1200w\" sizes=\"(max-width: 546px) 100vw, 546px\" \/><\/figure><\/div>\n\n\n<p><\/p>\n<\/div>\n\n\n\n<div class=\"is-layout-flow wp-block-column is-vertically-aligned-center\">\n<p class=\"kicker\">LUKAS NO TOPO DA IND\u00daSTRIA MUNDIAL<\/p>\n\n\n\n<h2 style=\"text-transform:uppercase\">O que a LUKAS tem de diferente?<\/h2>\n\n\n\n<h5 style=\"text-transform:uppercase\">Somos reconhecidos como um dos principais l\u00edderes no mundo das ferramentas e abrasivos.<\/h5>\n\n\n\n<div style=\"height:25px\" aria-hidden=\"true\" class=\"wp-block-spacer\"><\/div>\n\n\n\n<ul>\n<li>Inova\u00e7\u00f5es para a m\u00e1xima efici\u00eancia<\/li>\n\n\n\n<li>Experiencia industrial e consultoria para benef\u00edcio dos nossos clientes<\/li>\n\n\n\n<li>F\u00e1cil de pedir e entrega r\u00e1pida<\/li>\n\n\n\n<li>Tempos de resposta mais curtos<\/li>\n\n\n\n<li>Uma linha de produtos que n\u00e3o deixa nada a desejar<\/li>\n\n\n\n<li>Solu\u00e7\u00f5es personalizadas inteligentes que fecham as lacunas de seu processo produtivo<\/li>\n\n\n\n<li>Inova\u00e7\u00f5es e tecnologias de vanguarda<\/li>\n<\/ul>\n<\/div>\n<\/div>\n\n\n\n<div style=\"height:30px\" aria-hidden=\"true\" class=\"wp-block-spacer\"><\/div>\n\n\n\n<div class=\"is-layout-flex wp-container-11 wp-block-columns\">\n<div class=\"is-layout-flow wp-block-column\">\n<h2 style=\"text-transform:uppercase\">Hist\u00f3ria<\/h2>\n\n\n\n<p>Devido \u00e0 crescente press\u00e3o competitiva e de custos no curso da globaliza\u00e7\u00e3o, a LUKAS come\u00e7ou a seguir uma estrat\u00e9gia agressiva e r\u00e1pida para assegurar uma presen\u00e7a internacional. Em 2001 a marca come\u00e7ou a ser introduzida, por nosso primeiro distribuidor especializado no Brasil, a clientes industriais preocupados com a otimiza\u00e7\u00e3o de processos, redu\u00e7\u00e3o de custos, aumento de produtividade e uso de ferramentas e abrasivos mais confort\u00e1veis e seguros.<\/p>\n\n\n\n<div style=\"height:50px\" aria-hidden=\"true\" class=\"wp-block-spacer\"><\/div>\n\n\n\n<p class=\"kicker\">LUKAS est\u00e1 presente quando uma solu\u00e7\u00e3o de pr\u00f3ximo n\u00edvel \u00e9 necess\u00e1ria.<\/p>\n\n\n\n<h2 style=\"text-transform:uppercase\">Como \u00e9 o plano da LUKAS<\/h2>\n\n\n\n<p>Porque queremos combinar os pontos fortes da marca com um excelente servi\u00e7o aos nossos clientes finais, come\u00e7aremos a trabalhar com parceiros distribuidores tamb\u00e9m para os diferentes polos industriais do pa\u00eds, n\u00e3o nos limitando a uma rela\u00e7\u00e3o b\u00e1sica de compra e venda, mas participando ativamente com o apoio de uma equipe de vendas altamente qualificada, oferecendo treinamento t\u00e9cnico e pr\u00e1tico dos produtos, e uma forte assist\u00eancia comercial.<\/p>\n<\/div>\n<\/div>\n\n\n\n<div style=\"height:60px\" aria-hidden=\"true\" class=\"wp-block-spacer\"><\/div>\n\n\n<span class='anchorTarget' id='service'><\/span>\n\n\n<div style=\"height:60px\" aria-hidden=\"true\" class=\"wp-block-spacer\"><\/div>\n\n\n\n<p class=\"kicker\"><\/p>\n\n\n\n<h2 style=\"text-transform:uppercase\">Venha e fa\u00e7a parte desta solu\u00e7\u00e3o de pr\u00f3ximo n\u00edvel.<\/h2>\n\n\n\n<div class=\"is-layout-flex wp-container-14 wp-block-columns\">\n<div class=\"is-layout-flow wp-block-column txt-accent10\">\n<h4>Voc\u00ea pode contar com a LUKAS<\/h4>\n\n\n\n<div style=\"height:30px\" aria-hidden=\"true\" class=\"wp-block-spacer\"><\/div>\n\n\n\n<p>LUKAS \u00e9 tudo sobre o progresso. Concentramo-nos em ser pioneiros em pesquisa, desenvolvimento e especializa\u00e7\u00e3o, o que nos posiciona como os melhores no ramo. Nosso objetivo \u00e9 manter o sucesso de nossos clientes ao longo dos anos. Fazemos isso todos os dias h\u00e1 mais de 85 anos, com cerca de 650 funcion\u00e1rios em f\u00e1bricas de ponta na Alemanha e Rep\u00fablica Tcheca, juntamente com nossos pr\u00f3prios escrit\u00f3rios e revendedores parceiros em todo o mundo. Todos trabalhando arduamente para tornar cada detalhe um pouco melhor. Este abrangente e de longo prazo apoio, pessoal e especializada s\u00e3o benef\u00edcios nos quais voc\u00ea pode confiar, agora e no futuro.<\/p>\n<\/div>\n\n\n\n<div class=\"is-layout-flow wp-block-column txt-accent10\">\n<h4>Qualidade europeia aos melhores pre\u00e7os<\/h4>\n\n\n\n<div style=\"height:30px\" aria-hidden=\"true\" class=\"wp-block-spacer\"><\/div>\n\n\n\n<p>Num futuro muito pr\u00f3ximo, teremos uma rede de distribuidores parceiros comprometidos, localizados nas principais regi\u00f5es industriais do pa\u00eds, aconselhando e atendendo clientes finais em todo o Brasil. Isto garante um servi\u00e7o de primeira qualidade e uma entrega r\u00e1pida e eficiente de nossos produtos. Garantimos um servi\u00e7o de alta qualidade e uma variedade de produtos premium.<\/p>\n<\/div>\n<\/div>\n\n\n\n<div class=\"is-layout-flex wp-container-17 wp-block-columns\">\n<div class=\"is-layout-flow wp-block-column txt-accent10\">\n<h4>O mais alto desempenho para voc\u00ea<\/h4>\n\n\n\n<div style=\"height:30px\" aria-hidden=\"true\" class=\"wp-block-spacer\"><\/div>\n\n\n\n<p>Seu \u00eaxito tamb\u00e9m \u00e9 nosso \u00eaxito econ\u00f4mico. \u00c9 por isso que queremos mant\u00ea-lo como cliente e assessor\u00e1-lo.<\/p>\n<\/div>\n\n\n\n<div class=\"is-layout-flow wp-block-column txt-accent10\">\n<h4>Sua satisfa\u00e7\u00e3o \u00e9 nossa prioridade m\u00e1xima<\/h4>\n\n\n\n<div style=\"height:30px\" aria-hidden=\"true\" class=\"wp-block-spacer\"><\/div>\n\n\n\n<p>N\u00e3o s\u00f3 falamos sua l\u00edngua, mas tamb\u00e9m nos familiarizamos com suas aplica\u00e7\u00f5es, para que possamos entender suas necessidades e expectativas, e ent\u00e3o lhe oferecer a solu\u00e7\u00e3o mais adequada. Desenvolvemos ferramentas precisas, de alto desempenho, de alta qualidade e econ\u00f4micas, que s\u00e3o otimizadas para sua aplica\u00e7\u00e3o espec\u00edfica.<\/p>\n<\/div>\n<\/div>\n\n\n\n<div style=\"height:4rem\" aria-hidden=\"true\" class=\"wp-block-spacer\"><\/div>\n\n\n\n<div style=\"height:60px\" aria-hidden=\"true\" class=\"wp-block-spacer\"><\/div>\n\n\n<span class='anchorTarget' id='products'><\/span>\n\n\n<div style=\"height:60px\" aria-hidden=\"true\" class=\"wp-block-spacer\"><\/div>\n\n\n\n<p class=\"kicker\">\u00d3TIMA DISPONIBILIDADE, AMPLA GAMA DE PRODUTOS, FABRICA\u00c7\u00c3O SOB MEDIDA<\/p>\n\n\n\n<h2 style=\"text-transform:uppercase\">PRODUTOS<\/h2>\n\n\n\n<div class=\"is-layout-flex wp-container-20 wp-block-columns\">\n<div class=\"is-layout-flow wp-block-column is-vertically-aligned-center\">\n<figure class=\"wp-block-image size-large\"><img decoding=\"async\" loading=\"lazy\" width=\"1024\" height=\"474\" src=\"https:\/\/lukas-erzett.com\/wp-content\/uploads\/Produktpalette-1024x474.jpg\" alt=\"\" class=\"wp-image-73658\" srcset=\"https:\/\/lukas-erzett.com\/wp-content\/uploads\/Produktpalette-1024x474.jpg 1024w, https:\/\/lukas-erzett.com\/wp-content\/uploads\/Produktpalette-300x139.jpg 300w, https:\/\/lukas-erzett.com\/wp-content\/uploads\/Produktpalette-768x356.jpg 768w, https:\/\/lukas-erzett.com\/wp-content\/uploads\/Produktpalette-480x222.jpg 480w, https:\/\/lukas-erzett.com\/wp-content\/uploads\/Produktpalette-720x333.jpg 720w, https:\/\/lukas-erzett.com\/wp-content\/uploads\/Produktpalette-432x200.jpg 432w, https:\/\/lukas-erzett.com\/wp-content\/uploads\/Produktpalette-734x340.jpg 734w, https:\/\/lukas-erzett.com\/wp-content\/uploads\/Produktpalette-907x420.jpg 907w, https:\/\/lukas-erzett.com\/wp-content\/uploads\/Produktpalette.jpg 1080w\" sizes=\"(max-width: 1024px) 100vw, 1024px\" \/><\/figure>\n<\/div>\n\n\n\n<div class=\"is-layout-flow wp-block-column is-vertically-aligned-center\">\n<p><\/p>\n\n\n\n<p>Preparamos nossa ampla gama de produtos para voc\u00ea com uma grande abrang\u00eancia de informa\u00e7\u00f5es para que voc\u00ea possa sempre encontrar facilmente a ferramenta certa para voc\u00ea. Descubra os produtos <strong>LUKAS<\/strong> das categorias limas rotativas, perfura\u00e7\u00e3o, pontas montadas, acabamento de superf\u00edcies, corte e desbaste e limpeza.<\/p>\n\n\n\n<p>Aqui voc\u00ea encontrar\u00e1 toda a linha LUKAS agrupada:<\/p>\n\n\n\n<div style=\"height:30px\" aria-hidden=\"true\" class=\"wp-block-spacer\"><\/div>\n\n\n<div class='download-block download-wrap'><div class='file'><a href='https:\/\/lukas-erzett.com\/wp-content\/uploads\/LUKAS_Katalog_Suedeuropa_2020_spanisch_gesamt_web.pdf' target='_blank'><span class=\"fal fa-file-pdf icon\">&nbsp;<\/span> <span class='name'>Cat\u00e1logo geral<\/span> <span class=\"size\">(31.52 MB)<\/span><\/a><\/div><\/div><\/div>\n<\/div>\n\n\n\n<div style=\"height:60px\" aria-hidden=\"true\" class=\"wp-block-spacer\"><\/div>\n\n\n<div class='accordion-wrap accordion-block'><div class='accordion-title'><h3 class='label'>Fresagem<\/h3><\/div><div class='accordion-content'><div class='text-wrap'><p>As limas rotativas de metal duro LUKAS s\u00e3o fabricadas utilizando carbureto de tungst\u00eanio de alta qualidade em modernas centros de usinagem autom\u00e1tica CNC, para garantir precis\u00e3o e repetibilidade de \u00e2ngulo, perfil e espiral. <strong>Nossa matriz na Alemanha fabrica limas rotativas de metal duro de acordo com seus desenhos e especifica\u00e7\u00f5es para ajud\u00e1-lo a resolver problemas dif\u00edceis de remo\u00e7\u00e3o de material.<\/strong><\/p>\n<p>&nbsp;<\/p>\n<table cellspacing=\"0\" cellpadding=\"0\">\n<tbody>\n<tr>\n<td style=\"border-radius: 3px; padding: 15px 20px 15px 20px;\" bgcolor=\"#A7192F\"><!--#link#DONE--> <a style=\"border-radius: 3px; font: 15px\/15px Helvetica, Arial, sans-serif; color: #ffffff !important; text-decoration: none; display: block;\" href=\"https:\/\/lukas-erzett.com\/wp-content\/uploads\/LUKAS_Katalog_Suedeuropa_2020_spanisch_gesamt_web.pdf#page=11\" target=\"_blank\" rel=\"noopener noreferrer\">Panorama de produtos &#8211; Fresagem<\/a> <!--#\/link#DONE--><\/td>\n<\/tr>\n<\/tbody>\n<\/table>\n<\/div><\/div><div class='accordion-title'><h3 class='label'>Abrasivos r\u00edgidos<\/h3><\/div><div class='accordion-content'><div class='text-wrap'><p><strong>Pontas montadas, desbaste eficiente e profissional<\/strong><\/p>\n<p>As pontas montadas LUKAS s\u00e3o utilzadas para o desbaste otimizado com uma longa vida \u00fatil da ferramenta, que proporcionam um alto desempenho de remo\u00e7\u00e3o. Elas s\u00e3o perfeitas para o desbaste eficiente e eficaz, para a prepara\u00e7\u00e3o e retrabalho de cord\u00f5es de solda e para o rebarbamento.<br \/>\nDesde o desbaste grosso at\u00e9 o fino, oferecemos uma gama de pontas montadas em v\u00e1rias formas, tamanhos e composi\u00e7\u00f5es, para que voc\u00ea tenha sempre a ferramenta de desbaste correta para o trabalho. As pontas montadas LUKAS s\u00e3o projetadas para desbaste de todo tipo de material (a\u00e7o, a\u00e7o fundido, a\u00e7o ferramenta, ferro fundido, ligas de alum\u00ednio, ligas de tit\u00e2nio e n\u00edquel, pl\u00e1stico, vidro, cer\u00e2mica e muito mais).<\/p>\n<p>&nbsp;<\/p>\n<table cellspacing=\"0\" cellpadding=\"0\">\n<tbody>\n<tr>\n<td style=\"border-radius: 3px; padding: 15px 20px 15px 20px;\" bgcolor=\"#A7192F\"><!--#link#DONE--> <a style=\"border-radius: 3px; font: 15px\/15px Helvetica, Arial, sans-serif; color: #ffffff !important; text-decoration: none; display: block;\" href=\"https:\/\/lukas-erzett.com\/wp-content\/uploads\/LUKAS_Katalog_Suedeuropa_2020_spanisch_gesamt_web.pdf#page=26\" target=\"_blank\" rel=\"noopener noreferrer\">Panorama de produtos &#8211; Pontas montadas<\/a> <!--#\/link#DONE--><\/td>\n<\/tr>\n<\/tbody>\n<\/table>\n<\/div><\/div><div class='accordion-title'><h3 class='label'>Pontas montadas para acabamento<\/h3><\/div><div class='accordion-content'><div class='text-wrap'><p>Independentemente da necessidade de atingir determinados valores t\u00e9cnicos de superf\u00edcie para seu produto ou simplesmente de querer dar um brilho, h\u00e1 muitas boas raz\u00f5es para escolher ferramentas de polimento da LUKAS.<\/p>\n<p>Em setores como a ind\u00fastria automotiva, aeroespacial e engenharia de bombas e turbinas, h\u00e1 muitas superf\u00edcies de veda\u00e7\u00e3o e ajustes que devem ser realizados para suportar a alta precis\u00e3o, para assim se obter o resultado esperado. Nas ind\u00fastrias aliment\u00edcia e farmac\u00eautica, as superf\u00edcies polidas garantem condi\u00e7\u00f5es de trabalho higi\u00eanicas e limpas. Na ind\u00fastria de moldes e matrizes, as superf\u00edcies s\u00e3o polidas com acabamento espelhado, o resultado \u00e9 que cada pe\u00e7a fundida produz um produto final perfeito.<\/p>\n<p>Em resposta \u00e0 crescente import\u00e2ncia do acabamento fino, a LUKAS desenvolveu uma ampla gama de ferramentas de polimento, apresentando uma variedade de mat\u00e9rias-primas, combina\u00e7\u00f5es de gr\u00e3os e n\u00edveis de dureza. As ferramentas de polimento LUKAS s\u00e3o categorizadas em grupos P1 a P7 de acordo com a respectiva aplica\u00e7\u00e3o. Estas ferramentas incluem discos, pontas e barras para cobrir uma ampla variedade de aplica\u00e7\u00f5es.<\/p>\n<p>&nbsp;<\/p>\n<table cellspacing=\"0\" cellpadding=\"0\">\n<tbody>\n<tr>\n<td style=\"border-radius: 3px; padding: 15px 20px 15px 20px;\" bgcolor=\"#A7192F\"><!--#link#DONE--> <a style=\"border-radius: 3px; font: 15px\/15px Helvetica, Arial, sans-serif; color: #ffffff !important; text-decoration: none; display: block;\" href=\"https:\/\/lukas-erzett.com\/wp-content\/uploads\/LUKAS_Katalog_Suedeuropa_2020_spanisch_gesamt_web.pdf#page=38\" target=\"_blank\" rel=\"noopener noreferrer\">Panorama de productos &#8211; Pontas de polimento<\/a> <!--#\/link#DONE--><\/td>\n<\/tr>\n<\/tbody>\n<\/table>\n<\/div><\/div><div class='accordion-title'><h3 class='label'>Abrasivo flex\u00edvel<\/h3><\/div><div class='accordion-content'><div class='text-wrap'><p>Nossas ferramentas de lixar e acabamento fino s\u00e3o feitas de tela e manta abrasiva de alta qualidade. Elas consistem de um suporte flex\u00edvel revestido com gr\u00e3o abrasivo.<\/p>\n<p><strong>Suportes utilizados<\/strong>: tela, poli\u00e9ster, manta abrasiva, fibra<br \/>\n<strong>Tipos de gr\u00e3os utilizados<\/strong>: \u00f3xido de alum\u00ednio comum (NK), carboneto de sil\u00edcio (SIC), \u00f3xido de zirc\u00f4nio (ZK), gr\u00e3o cer\u00e2mico (Ceramic)<\/p>\n<p>Nossas ferramentas de lixar e para dar acabamento fino est\u00e3o dispon\u00edveis em muitas formas e dimens\u00f5es diferentes. As aplica\u00e7\u00f5es variam desde a alta remo\u00e7\u00e3o de material at\u00e9 a obten\u00e7\u00e3o de um acabamento superficial extremamente fino.<\/p>\n<p>A LUKAS oferece o abrasivo certo para cada trabalho &#8211; adaptado \u00e0s suas exig\u00eancias e aos materiais que voc\u00ea deseja trabalhar. Os abrasivos de alta qualidade da LUKAS s\u00e3o ideais para muitas ind\u00fastrias, \u00e1reas e exig\u00eancias e, portanto, oferecem a voc\u00ea uma escolha muito ampla.<\/p>\n<p>A vis\u00e3o geral em nosso cat\u00e1logo lista todos os abrasivos para uso com ferramentas de lixar e acabamento fino. Consulte os caracter\u00edsticas e \u00e1reas de aplica\u00e7\u00e3o de v\u00e1rios materiais de pe\u00e7as para identificar o tipo de gr\u00e3o abrasivo mais adequado e as ferramentas para atender \u00e0s suas exig\u00eancias.<\/p>\n<p>&nbsp;<\/p>\n<p>&nbsp;<\/p>\n<table cellspacing=\"0\" cellpadding=\"0\">\n<tbody>\n<tr>\n<td style=\"border-radius: 3px; padding: 15px 20px 15px 20px;\" bgcolor=\"#A7192F\"><!--#link#DONE--> <a style=\"border-radius: 3px; font: 15px\/15px Helvetica, Arial, sans-serif; color: #ffffff !important; text-decoration: none; display: block;\" href=\"https:\/\/lukas-erzett.com\/wp-content\/uploads\/LUKAS_Katalog_Suedeuropa_2020_spanisch_gesamt_web.pdf#page=51\" target=\"_blank\" rel=\"noopener noreferrer\">Panorama de produtos &#8211; Abrasivos flex\u00edveis<\/a> <!--#\/link#DONE--><\/td>\n<\/tr>\n<\/tbody>\n<\/table>\n<\/div><\/div><div class='accordion-title'><h3 class='label'>Discos de corte<\/h3><\/div><div class='accordion-content'><div class='text-wrap'><p>Os discos de corte se destacam por seus cortes eficientes: eles trabalham rapidamente em todos os materiais. Os discos de corte da LUKAS s\u00e3o perfeitamente adaptados para uso em diferentes materiais e com m\u00e1quinas manuais ou estacion\u00e1rias. Todos eles alcan\u00e7am o m\u00e1ximo desempenho e uma longa vida \u00fatil da ferramenta.<\/p>\n<p>A linha de produtos LUKAS inclui discos de corte adequados para a\u00e7o e a\u00e7os inoxid\u00e1veis, materiais fundidos e metais leves, bem como para tijolos, telhas e outros materiais para constru\u00e7\u00e3o. Tamb\u00e9m est\u00e3o dispon\u00edveis discos de corte para m\u00e1quinas estacion\u00e1rias, bem como todos os modelos para esmerilhadeiras angulares manuais.<\/p>\n<p>&nbsp;<\/p>\n<p>&nbsp;<\/p>\n<table cellspacing=\"0\" cellpadding=\"0\">\n<tbody>\n<tr>\n<td style=\"border-radius: 3px; padding: 15px 20px 15px 20px;\" bgcolor=\"#A7192F\"><!--#link#DONE--> <a style=\"border-radius: 3px; font: 15px\/15px Helvetica, Arial, sans-serif; color: #ffffff !important; text-decoration: none; display: block;\" href=\"https:\/\/lukas-erzett.com\/wp-content\/uploads\/LUKAS_Katalog_Suedeuropa_2020_spanisch_gesamt_web.pdf#page=91\" target=\"_blank\" rel=\"noopener noreferrer\">Panorama de produtos &#8211; Discos de corte<\/a> <!--#\/link#DONE--><\/td>\n<\/tr>\n<\/tbody>\n<\/table>\n<\/div><\/div><div class='accordion-title'><h3 class='label'>Discos de desbaste<\/h3><\/div><div class='accordion-content'><div class='text-wrap'><p>Os discos de desbaste se destacam por el alto poder de arranque de material: voc\u00ea obt\u00e9m o m\u00e1ximo desempenho de desbaste. A LUKAS oferece discos de desbaste para cada tipo de metal com as propriedades adequadas.<\/p>\n<p>Os discos de desbaste da LUKAS s\u00e3o projetados para trabalhar sobre a\u00e7o, a\u00e7o inoxid\u00e1vel, metais n\u00e3o ferrosos, materiais fundidos, tit\u00e2nio e materiais compostos. Dependendo do material a trabalhar, as ferramentas s\u00e3o compostas por uma combina\u00e7\u00e3o otimizada de gr\u00e3o, agente de liga\u00e7\u00e3o, microestrutura, forma e desenho.<\/p>\n<p>&nbsp;<\/p>\n<table cellspacing=\"0\" cellpadding=\"0\">\n<tbody>\n<tr>\n<td style=\"border-radius: 3px; padding: 15px 20px 15px 20px;\" bgcolor=\"#A7192F\"><!--#link#DONE--> <a style=\"border-radius: 3px; font: 15px\/15px Helvetica, Arial, sans-serif; color: #ffffff !important; text-decoration: none; display: block;\" href=\"https:\/\/lukas-erzett.com\/wp-content\/uploads\/LUKAS_Katalog_Suedeuropa_2020_spanisch_gesamt_web.pdf#page=115\" target=\"_blank\" rel=\"noopener noreferrer\">Panorama de produtos &#8211; Discos de desbaste<\/a> <!--#\/link#DONE--><\/td>\n<\/tr>\n<\/tbody>\n<\/table>\n<\/div><\/div><\/div>\n\n\n<div style=\"height:60px\" aria-hidden=\"true\" class=\"wp-block-spacer\"><\/div>\n\n\n<span class='anchorTarget' id='quality'><\/span>\n\n\n<div style=\"height:60px\" aria-hidden=\"true\" class=\"wp-block-spacer\"><\/div>\n\n\n\n<p class=\"kicker\">QUALIDADE AO MAIS ALTO N\u00cdVEL<\/p>\n\n\n\n<h2 style=\"text-transform:uppercase\">QUALIDADE<\/h2>\n\n\n\n<div class=\"is-layout-flex wp-container-23 wp-block-columns are-vertically-aligned-top\">\n<div class=\"is-layout-flow wp-block-column is-vertically-aligned-top\">\n<figure class=\"wp-block-image size-large\"><a href=\"https:\/\/lukas-erzett.com\/wp-content\/uploads\/LUKAS_Qualitaet.jpg\" data-fancybox><img decoding=\"async\" loading=\"lazy\" width=\"1024\" height=\"549\" src=\"https:\/\/lukas-erzett.com\/wp-content\/uploads\/LUKAS_Qualitaet-1024x549.jpg\" alt=\"\" class=\"wp-image-73612\" srcset=\"https:\/\/lukas-erzett.com\/wp-content\/uploads\/LUKAS_Qualitaet-1024x549.jpg 1024w, https:\/\/lukas-erzett.com\/wp-content\/uploads\/LUKAS_Qualitaet-300x161.jpg 300w, https:\/\/lukas-erzett.com\/wp-content\/uploads\/LUKAS_Qualitaet-768x412.jpg 768w, https:\/\/lukas-erzett.com\/wp-content\/uploads\/LUKAS_Qualitaet-1536x823.jpg 1536w, https:\/\/lukas-erzett.com\/wp-content\/uploads\/LUKAS_Qualitaet-480x257.jpg 480w, https:\/\/lukas-erzett.com\/wp-content\/uploads\/LUKAS_Qualitaet-720x386.jpg 720w, https:\/\/lukas-erzett.com\/wp-content\/uploads\/LUKAS_Qualitaet-1440x772.jpg 1440w, https:\/\/lukas-erzett.com\/wp-content\/uploads\/LUKAS_Qualitaet-373x200.jpg 373w, https:\/\/lukas-erzett.com\/wp-content\/uploads\/LUKAS_Qualitaet-634x340.jpg 634w, https:\/\/lukas-erzett.com\/wp-content\/uploads\/LUKAS_Qualitaet-784x420.jpg 784w, https:\/\/lukas-erzett.com\/wp-content\/uploads\/LUKAS_Qualitaet-970x520.jpg 970w, https:\/\/lukas-erzett.com\/wp-content\/uploads\/LUKAS_Qualitaet-1343x720.jpg 1343w, https:\/\/lukas-erzett.com\/wp-content\/uploads\/LUKAS_Qualitaet.jpg 1920w\" sizes=\"(max-width: 1024px) 100vw, 1024px\" \/><\/a><\/figure>\n<\/div>\n\n\n\n<div class=\"is-layout-flow wp-block-column is-vertically-aligned-top\">\n<p>N\u00f3s n\u00e3o s\u00f3 falamos de qualidade, n\u00f3s a vivemos. E diariamente. Isto faz das ferramentas <strong>LUKAS <\/strong>um fator confi\u00e1vel e seguro no processo de fabrica\u00e7\u00e3o e garante uma \u00f3tima qualidade de produ\u00e7\u00e3o. Todos os produtos que saem de nossas instala\u00e7\u00f5es s\u00e3o testados intensivamente e atendem aos mais altos padr\u00f5es de seguran\u00e7a e qualidade.<\/p>\n\n\n\n<div style=\"height:20px\" aria-hidden=\"true\" class=\"wp-block-spacer\"><\/div>\n\n\n\n<ul>\n<li>Fabricado na Alemanha<\/li>\n\n\n\n<li>Mat\u00e9ria-prima de primeira qualidade<\/li>\n\n\n\n<li>Instala\u00e7\u00e3o de testes altamente moderna<\/li>\n\n\n\n<li>Sistema de gest\u00e3o de qualidade de acordo com a <a href=\"https:\/\/lukas-erzett.com\/wp-content\/uploads\/ISO9001-2015-LUKAS-deutsch.pdf\" target=\"_blank\" rel=\"noreferrer noopener\">ISO 9001:2015<\/a><\/li>\n\n\n\n<li>Sistema de gest\u00e3o de energia de acordo com a <a href=\"https:\/\/lukas-erzett.com\/wp-content\/uploads\/ISO50001-2018-LUKAS-deutsch-1.pdf\" target=\"_blank\" rel=\"noreferrer noopener\">ISO 50001:2018<\/a><\/li>\n\n\n\n<li>Participa\u00e7\u00e3o ativa em associa\u00e7\u00f5es especializadas<\/li>\n\n\n\n<li>Auditorias regulares por DQS<\/li>\n\n\n\n<li>As ferramentas abrasivas LUKAS s\u00e3o fabricadas de acordo com as <a href=\"https:\/\/lukas-erzett.com\/wp-content\/uploads\/oSa-Membership-Certificate-2026_29.pdf\" target=\"_blank\" rel=\"noreferrer noopener\">normas de seguran\u00e7a oSa<\/a> (al\u00e9m disso, recomendamos a conformidade com as recomenda\u00e7\u00f5es de seguran\u00e7a FEPA)<\/li>\n\n\n\n<li>Divulga\u00e7\u00e3o regular de dados ambientais para a organiza\u00e7\u00e3o sem fins lucrativos <a href=\"https:\/\/www.cdp.net\/en\/info\/contact\" target=\"_blank\" rel=\"noreferrer noopener\">CDP (Carbon Disclosure Programme)<\/a> para o gerenciamento cont\u00ednuo do impacto ambiental e da pr\u00f3pria sustentabilidade<\/li>\n<\/ul>\n<\/div>\n<\/div>\n\n\n\n<h5>TRADE ASSCOCIATIONS<\/h5>\n\n\n\n<p>Somos um membro ativo das seguintes associa\u00e7\u00f5es especializadas:<\/p>\n\n\n\n<div class=\"wp-block-media-text alignwide is-stacked-on-mobile is-vertically-aligned-center\" style=\"grid-template-columns:15% auto\"><figure class=\"wp-block-media-text__media\"><img decoding=\"async\" loading=\"lazy\" width=\"320\" height=\"147\" src=\"https:\/\/lukas-erzett.com\/wp-content\/uploads\/Fepa.jpg\" alt=\"\" class=\"wp-image-73468 size-full\" srcset=\"https:\/\/lukas-erzett.com\/wp-content\/uploads\/Fepa.jpg 320w, https:\/\/lukas-erzett.com\/wp-content\/uploads\/Fepa-300x138.jpg 300w\" sizes=\"(max-width: 320px) 100vw, 320px\" \/><\/figure><div class=\"wp-block-media-text__content\">\n<p><a href=\"https:\/\/www.fepa-abrasives.com\/\" target=\"_blank\" rel=\"noreferrer noopener nofollow\">FEPA &#8211; Federa\u00e7\u00e3o de produtores europeus de abrasivos<\/a><br>Informa\u00e7\u00f5es da FEPA sobre o uso correto de ferramentas abrasivas podem ser encontradas em:<br><a aria-label=\"www.abrasivessafety.com (\u00f6ffnet in neuem Tab)\" href=\"https:\/\/abrasivessafety.com\" target=\"_blank\" rel=\"noreferrer noopener nofollow\">www.abrasivessafety.com<\/a><\/p>\n<\/div><\/div>\n\n\n\n<div style=\"height:60px\" aria-hidden=\"true\" class=\"wp-block-spacer\"><\/div>\n\n\n\n<div class=\"wp-block-media-text alignwide is-stacked-on-mobile is-vertically-aligned-center\" style=\"grid-template-columns:15% auto\"><figure class=\"wp-block-media-text__media\"><img decoding=\"async\" loading=\"lazy\" width=\"320\" height=\"200\" src=\"https:\/\/lukas-erzett.com\/wp-content\/uploads\/OSA_Zeichen_4c.jpg\" alt=\"\" class=\"wp-image-73642 size-full\" srcset=\"https:\/\/lukas-erzett.com\/wp-content\/uploads\/OSA_Zeichen_4c.jpg 320w, https:\/\/lukas-erzett.com\/wp-content\/uploads\/OSA_Zeichen_4c-300x188.jpg 300w\" sizes=\"(max-width: 320px) 100vw, 320px\" \/><\/figure><div class=\"wp-block-media-text__content\">\n<p>oSa &#8211; Organiza\u00e7\u00e3o para a seguran\u00e7a de abrasivos<br><a aria-label=\"oSa \u2013 Organisation f\u00fcr die Sicherheit von Schleifwerkzeugen e. V. (\u00f6ffnet in neuem Tab)\" href=\"https:\/\/www.osa-abrasives.org\/\" target=\"_blank\" rel=\"noreferrer noopener nofollow\">oSa \u2013 Organisation f\u00fcr die Sicherheit von Schleifwerkzeugen e. V.<\/a><\/p>\n<\/div><\/div>\n\n\n\n<div style=\"height:60px\" aria-hidden=\"true\" class=\"wp-block-spacer\"><\/div>\n\n\n\n<div class=\"wp-block-media-text alignwide is-stacked-on-mobile is-vertically-aligned-center\" style=\"grid-template-columns:15% auto\"><figure class=\"wp-block-media-text__media\"><img decoding=\"async\" loading=\"lazy\" width=\"320\" height=\"93\" src=\"https:\/\/lukas-erzett.com\/wp-content\/uploads\/VDS_Logo.jpg\" alt=\"\" class=\"wp-image-73694 size-full\" srcset=\"https:\/\/lukas-erzett.com\/wp-content\/uploads\/VDS_Logo.jpg 320w, https:\/\/lukas-erzett.com\/wp-content\/uploads\/VDS_Logo-300x87.jpg 300w\" sizes=\"(max-width: 320px) 100vw, 320px\" \/><\/figure><div class=\"wp-block-media-text__content\">\n<p>VDS &#8211; Associa\u00e7\u00e3o alem\u00e3 de abrasivos<br><a aria-label=\"VDS \u2013 Verband Deutscher Schleifmittelwerke (\u00f6ffnet in neuem Tab)\" href=\"https:\/\/www.vds-bonn.de\" target=\"_blank\" rel=\"noreferrer noopener nofollow\">VDS \u2013 Verband Deutscher Schleifmittelwerke<\/a><\/p>\n<\/div><\/div>\n\n\n\n<div style=\"height:60px\" aria-hidden=\"true\" class=\"wp-block-spacer\"><\/div>\n\n\n\n<div class=\"wp-block-media-text alignwide is-stacked-on-mobile is-vertically-aligned-center\" style=\"grid-template-columns:15% auto\"><figure class=\"wp-block-media-text__media\"><img decoding=\"async\" loading=\"lazy\" width=\"320\" height=\"217\" src=\"https:\/\/lukas-erzett.com\/wp-content\/uploads\/FWI_4c_klein.jpg\" alt=\"\" class=\"wp-image-73462 size-full\" srcset=\"https:\/\/lukas-erzett.com\/wp-content\/uploads\/FWI_4c_klein.jpg 320w, https:\/\/lukas-erzett.com\/wp-content\/uploads\/FWI_4c_klein-300x203.jpg 300w, https:\/\/lukas-erzett.com\/wp-content\/uploads\/FWI_4c_klein-295x200.jpg 295w\" sizes=\"(max-width: 320px) 100vw, 320px\" \/><\/figure><div class=\"wp-block-media-text__content\">\n<p>FWI &#8211; Associa\u00e7\u00e3o da ind\u00fastria de ferramentas<br><a aria-label=\"FWI \u2013 Fachverband Werkzeugindustrie e. V. (\u00f6ffnet in neuem Tab)\" href=\"https:\/\/www.deutsches-werkzeug.de\" target=\"_blank\" rel=\"noreferrer noopener nofollow\">FWI \u2013 Fachverband Werkzeugindustrie e. V.<\/a> | <a aria-label=\"LUKAS im Firmenverzeichnis (\u00f6ffnet in neuem Tab)\" href=\"https:\/\/www.deutsches-werkzeug.de\/de\/LUKAS-ERZETT_a18\" target=\"_blank\" rel=\"noreferrer noopener nofollow\">LUKAS no diret\u00f3rio de empresas<\/a><\/p>\n<\/div><\/div>\n\n\n<span class='anchorTarget' id='contact us'><\/span>\n\n\n<div style=\"height:60px\" aria-hidden=\"true\" class=\"wp-block-spacer\"><\/div>\n\n\n\n<div style=\"height:60px\" aria-hidden=\"true\" class=\"wp-block-spacer\"><\/div>\n\n\n\n<p class=\"kicker\">N\u00d3S ESTAMOS A\u00cd PARA VOC\u00ca<\/p>\n\n\n\n<h2 style=\"text-transform:uppercase\">Contato comercial e t\u00e9cnico para o Brasil<\/h2>\n\n\n\n<p>Perto de voc\u00ea, em qualquer parte do mundo.<\/p>\n\n\n\n<p>Servi\u00e7o e vendas com os quais voc\u00ea pode contar.<\/p>\n\n\n\n<p>Nossa equipe de vendas especializada e experiente pode lhe fornecer suporte detalhado e profissional para quaisquer d\u00favidas que voc\u00ea possa ter sobre nossos produtos e servi\u00e7os. Oferecemos ainda a possibilidade de visitas \u00e0s suas instala\u00e7\u00f5es para melhor atend\u00ea-lo. Caso voc\u00ea precise de nossa ajuda no desenvolvimento e fabrica\u00e7\u00e3o de produtos especiais, nossos t\u00e9cnicos e especialistas est\u00e3o aqui para ajud\u00e1-lo a qualquer momento. Por favor, entre em contato conosco!<\/p>\n\n\n\n<div class=\"is-layout-flex wp-container-27 wp-block-columns\">\n<div class=\"is-layout-flow wp-block-column\">\n<p><strong>Gerente regional de vendas<\/strong><\/p>\n\n\n\n<p>Dieter Hoffmann<br>Telefone: +49 2263 84-388<br>Celular: +49 151 20 497 916<br>E-Mail: <a href=\"mailto:dieter.hoffmann@lukas-erzett.de\">dieter.hoffmann@lukas-erzett.de<\/a> <\/p>\n\n\n\n<p><\/p>\n<\/div>\n\n\n\n<div class=\"is-layout-flow wp-block-column\">\n<p><strong>Atendimento comercial interno ao cliente<\/strong><\/p>\n\n\n\n<p>Mar\u00eda L\u00f3pez L\u00f3pez<br>Telefone: +49 2263 84-405<br>E-Mail: <a href=\"mailto:maria.lopez@lukas-erzett.de\">maria.lopez@lukas-erzett.de<br><\/a> <\/p>\n\n\n\n<p>LUKAS-ERZETT GmbH &amp; Co. KG<br>Gebr\u00fcder-Lukas-Stra\u00dfe 1<br>51766 Engelskirchen<br><\/p>\n\n\n\n<p><\/p>\n\n\n\n<p><br><\/p>\n<\/div>\n\n\n\n<div class=\"is-layout-flow wp-block-column\">\n<p><strong>Gestor Comercial <\/strong><\/p>\n\n\n\n<p>Marcio Bertami<br>Telefone: +55(19) 98844-8406<br>E-Mail: <a href=\"mailto:marcio.bertami@lukas-erzett.com\">marcio.bertami@lukas-erzett.com<br><\/a>                              <\/p>\n\n\n\n<p>LUKAS-ERZETT GmbH &amp; Co. KG<br>Gebr\u00fcder-Lukas-Stra\u00dfe 1<br>51766 Engelskirchen<\/p>\n<\/div>\n<\/div>\n\n\n\n<div style=\"height:60px\" aria-hidden=\"true\" class=\"wp-block-spacer\"><\/div>\n\n\n<span class='anchorTarget' id='about us'><\/span>\n\n\n<div style=\"height:30px\" aria-hidden=\"true\" class=\"wp-block-spacer\"><\/div>\n\n\n\n<h2>SOBRE A LUKAS<\/h2>\n\n\n\n<div class=\"is-layout-flex wp-container-30 wp-block-columns\">\n<div class=\"is-layout-flow wp-block-column\">\n<p>LUKAS \u2013 NEXT LEVEL SOLUTIONS.<\/p>\n\n\n\n<p>LUKAS-ERZETT GmbH &amp; Co. KG, com sede na regi\u00e3o da Grande Col\u00f4nia, \u00e9 uma das l\u00edderes tecnol\u00f3gicas no mercado de sistemas de esmerilhamento, fresagem, corte e polimento, especializados na produ\u00e7\u00e3o e comercializa\u00e7\u00e3o de ferramentas, abrasivos, m\u00e1quinas e acess\u00f3rios, bem como em consultoria comercial e t\u00e9cnica. \u00c1gil. Sustent\u00e1vel. Orientado para o futuro. LUKAS \u00e9 uma empresa orientada ao futuro, desenvolve solu\u00e7\u00f5es sob medida e est\u00e1 sempre um passo \u00e0 frente das exig\u00eancias do mercado. Com esta atitude, a LUKAS j\u00e1 estabelecendo novos padr\u00f5es no mercado, muito antes de outros.<\/p>\n\n\n\n<p>Todos os produtos fabricados e comercializados pela LUKAS representam a mais alta qualidade, como o trabalho eficiente, longa vida \u00fatil, excelente ergonomia e melhores resultados. E se nenhuma solu\u00e7\u00e3o padr\u00e3o se encaixa em sua aplica\u00e7\u00e3o, n\u00f3s desenvolvemos uma resposta personalizada para cada caso. Para que n\u00e3o apenas nossos produtos, mas sobretudo os seus produtos, permane\u00e7am sempre alinhados com o futuro.<\/p>\n<\/div>\n\n\n\n<div class=\"is-layout-flow wp-block-column\">\n<p><strong>LUKAS no ritmo da ind\u00fastria mundial<\/strong><br><br>Com cerca de 650 funcion\u00e1rios, instala\u00e7\u00f5es de produ\u00e7\u00e3o de \u00faltima gera\u00e7\u00e3o na Alemanha e na Rep\u00fablica Tcheca, uma enorme bagagem de experi\u00eancia e um amplo portf\u00f3lio de produtos, a <strong>LUKAS <\/strong>est\u00e1 firmemente estabelecida nos mercados. A empresa internacionalmente ativa, com filiais e representantes em todos os continentes, tem mais de 85 anos de experi\u00eancia na produ\u00e7\u00e3o de solu\u00e7\u00f5es de sistemas para as \u00e1reas de aplica\u00e7\u00e3o automotiva, aeroespacial, ambiental e de energia, bem como para a ind\u00fastria de fabrica\u00e7\u00e3o, constru\u00e7\u00e3o e estruturas.<\/p>\n<\/div>\n<\/div>\n\n\n\n<div style=\"height:60px\" aria-hidden=\"true\" class=\"wp-block-spacer\"><\/div>\n\n\n\n<h2 style=\"text-transform:uppercase\">TERMS AND CONDITIONS<\/h2>\n\n\n\n<div class=\"is-layout-flex wp-container-33 wp-block-columns\">\n<div class=\"is-layout-flow wp-block-column\"><div class='download-block download-wrap'><div class='file'><a href='https:\/\/lukas-erzett.com\/wp-content\/uploads\/Manual-in-terms-of-Section-51-of-the-Promotion-of-Access-to-Information-Act-Signed-VWL00060-12.08.2022.pdf' target='_blank'><span class=\"fal fa-file-pdf icon\">&nbsp;<\/span> <span class='name'>PAIA Manual<\/span> <span class=\"size\">(370.26 KB)<\/span><\/a><\/div><\/div><\/div>\n\n\n\n<div class=\"is-layout-flow wp-block-column\"><div class='download-block download-wrap'><div class='file'><a href='https:\/\/lukas-erzett.com\/wp-content\/uploads\/Privacy-Policy-VWL00060-15.08.2022.docx' target='_blank'><span class=\"fal fa-download icon\">&nbsp;<\/span> <span class='name'>Privacy Policy<\/span> <span class=\"size\">(191.70 KB)<\/span><\/a><\/div><\/div><\/div>\n<\/div>\n","protected":false},"excerpt":{"rendered":"<p>NEXT LEVEL SOLUTIONS. LUKAS-ERZETT no Brasil \u00c1gil, sustent\u00e1vel, confi\u00e1vel, orientado para o futuro, com pensamento inovador, solu\u00e7\u00f5es baseadas nas necessidades dos clientes e sempre um passo \u00e0 frente das exig\u00eancias do mercado. Com isto em mente, a LUKAS deixou sua&hellip;<\/p>\n","protected":false},"author":9,"featured_media":0,"parent":78623,"menu_order":0,"comment_status":"closed","ping_status":"closed","template":"","meta":{"_links_to":"","_links_to_target":""},"acf":[],"yoast_head":"<!-- This site is optimized with the Yoast SEO plugin v20.0 - https:\/\/yoast.com\/wordpress\/plugins\/seo\/ -->\n<title>Brazil (PT) - NEXT LEVEL SOLUTIONS. | LUKAS-ERZETT<\/title>\n<meta name=\"robots\" content=\"index, follow, max-snippet:-1, max-image-preview:large, max-video-preview:-1\" \/>\n<link rel=\"canonical\" href=\"https:\/\/lukas-erzett.com\/en\/company\/international-locations\/brazil-pt\/\" \/>\n<meta property=\"og:locale\" content=\"en_US\" \/>\n<meta property=\"og:type\" content=\"article\" \/>\n<meta property=\"og:title\" content=\"Brazil (PT) - NEXT LEVEL SOLUTIONS. | LUKAS-ERZETT\" \/>\n<meta property=\"og:description\" content=\"NEXT LEVEL SOLUTIONS. LUKAS-ERZETT no Brasil \u00c1gil, sustent\u00e1vel, confi\u00e1vel, orientado para o futuro, com pensamento inovador, solu\u00e7\u00f5es baseadas nas necessidades dos clientes e sempre um passo \u00e0 frente das exig\u00eancias do mercado. Com isto em mente, a LUKAS deixou sua&hellip;\" \/>\n<meta property=\"og:url\" content=\"https:\/\/lukas-erzett.com\/en\/company\/international-locations\/brazil-pt\/\" \/>\n<meta property=\"og:site_name\" content=\"NEXT LEVEL SOLUTIONS. | LUKAS-ERZETT\" \/>\n<meta property=\"article:publisher\" content=\"https:\/\/www.facebook.com\/LukasErzett\/\" \/>\n<meta property=\"article:modified_time\" content=\"2026-01-05T11:48:30+00:00\" \/>\n<meta property=\"og:image\" content=\"https:\/\/lukas-erzett.com\/wp-content\/uploads\/Brazil_geographic_web-1024x614.jpeg\" \/>\n<meta name=\"twitter:card\" content=\"summary_large_image\" \/>\n<meta name=\"twitter:label1\" content=\"Est. reading time\" \/>\n\t<meta name=\"twitter:data1\" content=\"7 minutes\" \/>\n<script type=\"application\/ld+json\" class=\"yoast-schema-graph\">{\"@context\":\"https:\/\/schema.org\",\"@graph\":[{\"@type\":\"WebPage\",\"@id\":\"https:\/\/lukas-erzett.com\/en\/company\/international-locations\/brazil-pt\/\",\"url\":\"https:\/\/lukas-erzett.com\/en\/company\/international-locations\/brazil-pt\/\",\"name\":\"Brazil (PT) - NEXT LEVEL SOLUTIONS. | LUKAS-ERZETT\",\"isPartOf\":{\"@id\":\"https:\/\/lukas-erzett.com\/de\/#website\"},\"datePublished\":\"2023-03-07T08:27:40+00:00\",\"dateModified\":\"2026-01-05T11:48:30+00:00\",\"breadcrumb\":{\"@id\":\"https:\/\/lukas-erzett.com\/en\/company\/international-locations\/brazil-pt\/#breadcrumb\"},\"inLanguage\":\"en-US\",\"potentialAction\":[{\"@type\":\"ReadAction\",\"target\":[\"https:\/\/lukas-erzett.com\/en\/company\/international-locations\/brazil-pt\/\"]}]},{\"@type\":\"BreadcrumbList\",\"@id\":\"https:\/\/lukas-erzett.com\/en\/company\/international-locations\/brazil-pt\/#breadcrumb\",\"itemListElement\":[{\"@type\":\"ListItem\",\"position\":1,\"name\":\"Company\",\"item\":\"https:\/\/lukas-erzett.com\/en\/company\/\"},{\"@type\":\"ListItem\",\"position\":2,\"name\":\"International locations\",\"item\":\"https:\/\/lukas-erzett.com\/en\/company\/international-locations\/\"},{\"@type\":\"ListItem\",\"position\":3,\"name\":\"Brazil (PT)\"}]},{\"@type\":\"WebSite\",\"@id\":\"https:\/\/lukas-erzett.com\/de\/#website\",\"url\":\"https:\/\/lukas-erzett.com\/de\/\",\"name\":\"NEXT LEVEL SOLUTIONS. | LUKAS-ERZETT\",\"description\":\"innovative Schleifmittel \u2713 Fr\u00e4sstifte \u2713 Polierwerkzeuge &amp; mehr | direkt vom Hersteller \u25ba LUKAS-ERZETT - NEXT LEVEL SOLUTIONS.\",\"publisher\":{\"@id\":\"https:\/\/lukas-erzett.com\/de\/#organization\"},\"potentialAction\":[{\"@type\":\"SearchAction\",\"target\":{\"@type\":\"EntryPoint\",\"urlTemplate\":\"https:\/\/lukas-erzett.com\/de\/?s={search_term_string}\"},\"query-input\":\"required name=search_term_string\"}],\"inLanguage\":\"en-US\"},{\"@type\":\"Organization\",\"@id\":\"https:\/\/lukas-erzett.com\/de\/#organization\",\"name\":\"LUKAS-ERZETT\",\"url\":\"https:\/\/lukas-erzett.com\/de\/\",\"logo\":{\"@type\":\"ImageObject\",\"inLanguage\":\"en-US\",\"@id\":\"https:\/\/lukas-erzett.com\/de\/#\/schema\/logo\/image\/\",\"url\":\"https:\/\/lukas-erzett.com\/wp-content\/uploads\/LUKAS-Logo-freigestellt.png\",\"contentUrl\":\"https:\/\/lukas-erzett.com\/wp-content\/uploads\/LUKAS-Logo-freigestellt.png\",\"width\":650,\"height\":400,\"caption\":\"LUKAS-ERZETT\"},\"image\":{\"@id\":\"https:\/\/lukas-erzett.com\/de\/#\/schema\/logo\/image\/\"},\"sameAs\":[\"https:\/\/www.youtube.com\/c\/LUKASERZETTGMBH\",\"https:\/\/www.facebook.com\/LukasErzett\/\"]}]}<\/script>\n<!-- \/ Yoast SEO plugin. -->","yoast_head_json":{"title":"Brazil (PT) - NEXT LEVEL SOLUTIONS. | LUKAS-ERZETT","robots":{"index":"index","follow":"follow","max-snippet":"max-snippet:-1","max-image-preview":"max-image-preview:large","max-video-preview":"max-video-preview:-1"},"canonical":"https:\/\/lukas-erzett.com\/en\/company\/international-locations\/brazil-pt\/","og_locale":"en_US","og_type":"article","og_title":"Brazil (PT) - NEXT LEVEL SOLUTIONS. | LUKAS-ERZETT","og_description":"NEXT LEVEL SOLUTIONS. LUKAS-ERZETT no Brasil \u00c1gil, sustent\u00e1vel, confi\u00e1vel, orientado para o futuro, com pensamento inovador, solu\u00e7\u00f5es baseadas nas necessidades dos clientes e sempre um passo \u00e0 frente das exig\u00eancias do mercado. Com isto em mente, a LUKAS deixou sua&hellip;","og_url":"https:\/\/lukas-erzett.com\/en\/company\/international-locations\/brazil-pt\/","og_site_name":"NEXT LEVEL SOLUTIONS. | LUKAS-ERZETT","article_publisher":"https:\/\/www.facebook.com\/LukasErzett\/","article_modified_time":"2026-01-05T11:48:30+00:00","og_image":[{"url":"https:\/\/lukas-erzett.com\/wp-content\/uploads\/Brazil_geographic_web-1024x614.jpeg"}],"twitter_card":"summary_large_image","twitter_misc":{"Est. reading time":"7 minutes"},"schema":{"@context":"https:\/\/schema.org","@graph":[{"@type":"WebPage","@id":"https:\/\/lukas-erzett.com\/en\/company\/international-locations\/brazil-pt\/","url":"https:\/\/lukas-erzett.com\/en\/company\/international-locations\/brazil-pt\/","name":"Brazil (PT) - NEXT LEVEL SOLUTIONS. | LUKAS-ERZETT","isPartOf":{"@id":"https:\/\/lukas-erzett.com\/de\/#website"},"datePublished":"2023-03-07T08:27:40+00:00","dateModified":"2026-01-05T11:48:30+00:00","breadcrumb":{"@id":"https:\/\/lukas-erzett.com\/en\/company\/international-locations\/brazil-pt\/#breadcrumb"},"inLanguage":"en-US","potentialAction":[{"@type":"ReadAction","target":["https:\/\/lukas-erzett.com\/en\/company\/international-locations\/brazil-pt\/"]}]},{"@type":"BreadcrumbList","@id":"https:\/\/lukas-erzett.com\/en\/company\/international-locations\/brazil-pt\/#breadcrumb","itemListElement":[{"@type":"ListItem","position":1,"name":"Company","item":"https:\/\/lukas-erzett.com\/en\/company\/"},{"@type":"ListItem","position":2,"name":"International locations","item":"https:\/\/lukas-erzett.com\/en\/company\/international-locations\/"},{"@type":"ListItem","position":3,"name":"Brazil (PT)"}]},{"@type":"WebSite","@id":"https:\/\/lukas-erzett.com\/de\/#website","url":"https:\/\/lukas-erzett.com\/de\/","name":"NEXT LEVEL SOLUTIONS. | LUKAS-ERZETT","description":"innovative Schleifmittel \u2713 Fr\u00e4sstifte \u2713 Polierwerkzeuge &amp; mehr | direkt vom Hersteller \u25ba LUKAS-ERZETT - NEXT LEVEL SOLUTIONS.","publisher":{"@id":"https:\/\/lukas-erzett.com\/de\/#organization"},"potentialAction":[{"@type":"SearchAction","target":{"@type":"EntryPoint","urlTemplate":"https:\/\/lukas-erzett.com\/de\/?s={search_term_string}"},"query-input":"required name=search_term_string"}],"inLanguage":"en-US"},{"@type":"Organization","@id":"https:\/\/lukas-erzett.com\/de\/#organization","name":"LUKAS-ERZETT","url":"https:\/\/lukas-erzett.com\/de\/","logo":{"@type":"ImageObject","inLanguage":"en-US","@id":"https:\/\/lukas-erzett.com\/de\/#\/schema\/logo\/image\/","url":"https:\/\/lukas-erzett.com\/wp-content\/uploads\/LUKAS-Logo-freigestellt.png","contentUrl":"https:\/\/lukas-erzett.com\/wp-content\/uploads\/LUKAS-Logo-freigestellt.png","width":650,"height":400,"caption":"LUKAS-ERZETT"},"image":{"@id":"https:\/\/lukas-erzett.com\/de\/#\/schema\/logo\/image\/"},"sameAs":["https:\/\/www.youtube.com\/c\/LUKASERZETTGMBH","https:\/\/www.facebook.com\/LukasErzett\/"]}]}},"_links":{"self":[{"href":"https:\/\/lukas-erzett.com\/en\/api\/wp\/v2\/pages\/93721"}],"collection":[{"href":"https:\/\/lukas-erzett.com\/en\/api\/wp\/v2\/pages"}],"about":[{"href":"https:\/\/lukas-erzett.com\/en\/api\/wp\/v2\/types\/page"}],"author":[{"embeddable":true,"href":"https:\/\/lukas-erzett.com\/en\/api\/wp\/v2\/users\/9"}],"replies":[{"embeddable":true,"href":"https:\/\/lukas-erzett.com\/en\/api\/wp\/v2\/comments?post=93721"}],"version-history":[{"count":46,"href":"https:\/\/lukas-erzett.com\/en\/api\/wp\/v2\/pages\/93721\/revisions"}],"predecessor-version":[{"id":102079,"href":"https:\/\/lukas-erzett.com\/en\/api\/wp\/v2\/pages\/93721\/revisions\/102079"}],"up":[{"embeddable":true,"href":"https:\/\/lukas-erzett.com\/en\/api\/wp\/v2\/pages\/78623"}],"wp:attachment":[{"href":"https:\/\/lukas-erzett.com\/en\/api\/wp\/v2\/media?parent=93721"}],"curies":[{"name":"wp","href":"https:\/\/api.w.org\/{rel}","templated":true}]}}